{"id":78185,"date":"2017-02-28T17:27:19","date_gmt":"2017-02-28T16:27:19","guid":{"rendered":"https:\/\/coelectrix.com\/seccao-transversal-de-um-cabo"},"modified":"2017-02-28T17:27:19","modified_gmt":"2017-02-28T16:27:19","slug":"seccao-transversal-de-um-cabo","status":"publish","type":"page","link":"https:\/\/coelectrix.com\/pt-pt\/seccao-de-um-cabo","title":{"rendered":"Sec\u00e7\u00e3o transversal de um cabo"},"content":{"rendered":"<h1><span style=\"font-family: helvetica, arial, sans-serif;\">A sec\u00e7\u00e3o transversal de um cabo el\u00e9trico<\/span><\/h1>\n<p><span style=\"font-size: 14pt;\">Como retalhista especializado em <a href=\"http:\/\/www.coelectrix.com\/cable-electrico\"><strong>cabos el\u00e9ctricos<\/strong><\/a>todos os dias recebemos pedidos de informa\u00e7\u00e3o atrav\u00e9s do formul\u00e1rio, tais como <strong>: como saber a sec\u00e7\u00e3o transversal de um cabo el\u00e9trico?<\/strong> ou <strong>como medir a sec\u00e7\u00e3o transversal de um cabo?<\/strong> ou <strong>qual \u00e9 a sec\u00e7\u00e3o transversal de um cabo?<\/strong><\/span><\/p>\n<p><span style=\"font-size: 14pt;\">Estas perguntas repetem-se muitas vezes e, para as colocar por escrito e torn\u00e1-las acess\u00edveis a todos, vou explicar de forma simples e clara as chaves para saber exatamente <strong>qual \u00e9 a sec\u00e7\u00e3o transversal de um cabo<\/strong>, como medi-la e como calcul\u00e1-la.<\/span><\/p>\n<p><span style=\"font-size: 14pt;\">Quando compramos um <strong>cabo el\u00e9trico<\/strong>, o fabricante fala sempre da sec\u00e7\u00e3o transversal do cabo, <strong>cabo de 1,5 mm de<\/strong> sec\u00e7\u00e3o transversal, <strong>cabo de 10 mm de<\/strong> sec\u00e7\u00e3o transversal, etc&#8230;<\/span><\/p>\n<p><span style=\"font-size: 14pt;\">Na realidade, se pegarmos num <strong>cabo<\/strong> com <strong>10 mm de<\/strong> sec\u00e7\u00e3o e o medirmos com um paqu\u00edmetro, este nunca nos dar\u00e1 10 mm, e \u00e9 a\u00ed que entra a quest\u00e3o cl\u00e1ssica&#8230;<\/span><\/p>\n<h2><span style=\"font-size: 14pt;\">Como saber a medida real de um cabo el\u00e9trico?<\/span><\/h2>\n<p><span style=\"font-size: 14pt;\">Na verdade, a sec\u00e7\u00e3o transversal de um <strong>cabo el\u00e9trico<\/strong> \u00e9 calculada com uma f\u00f3rmula simples da \u00e1rea de um c\u00edrculo (A=Pi x R\u00b2), mas para aqueles que n\u00e3o querem fazer os c\u00e1lculos, aqui est\u00e1 uma tabela de convers\u00e3o da sec\u00e7\u00e3o transversal do cabo em mil\u00edmetros \u00b2 para o di\u00e2metro real do cabo em mm.<\/span><\/p>\n<p><span style=\"font-size: 14pt;\"><img fetchpriority=\"high\" decoding=\"async\" class=\"alignnone size-medium wp-image-1070\" src=\"http:\/\/www.coelectrix.com\/wp-content\/uploads\/2017\/01\/seccion-de-cable-167x300.jpg\" sizes=\"(max-width: 167px) 100vw, 167px\" srcset=\"http:\/\/www.coelectrix.com\/wp-content\/uploads\/2017\/01\/seccion-de-cable-167x300.jpg 167w, http:\/\/www.coelectrix.com\/wp-content\/uploads\/2017\/01\/seccion-de-cable-100x180.jpg 100w, http:\/\/www.coelectrix.com\/wp-content\/uploads\/2017\/01\/seccion-de-cable.jpg 250w\" alt=\"\" width=\"167\" height=\"300\" \/><\/span><\/p>\n<p><span style=\"font-size: 14pt;\">Tenha sempre em mente que a medida real que tomamos em mil\u00edmetros deve ser sempre apenas do <strong>cobre<\/strong>, uma vez que a bainha de PVC tenha sido removida do cabo.<\/span><\/p>\n<p><span style=\"font-size: 14pt;\">Tamb\u00e9m \u00e9 preciso ter em conta que quando se efectua a medi\u00e7\u00e3o do cobre nu, por ser flex\u00edvel, pode sempre haver uma varia\u00e7\u00e3o de alguns mil\u00edmetros. Nos testes que efectuei, tentei primeiro entran\u00e7ar o cobre para que ficasse consistente e depois fazer a medi\u00e7\u00e3o com um paqu\u00edmetro o mais pr\u00f3ximo poss\u00edvel do PVC para que n\u00e3o ficasse deformado. <\/span><\/p>\n<p><span style=\"font-size: 14pt;\">Com esta tabela podemos agora saber quantos mil\u00edmetros reais mede um <strong>cabo el\u00e9trico<\/strong> conhecendo a <strong>sec\u00e7\u00e3o<\/strong>, ou pelo contr\u00e1rio, conhecendo a medida de um cabo em mil\u00edmetros, com a tabela, podemos conhecer a sec\u00e7\u00e3o.<\/span><\/p>\n<p><span style=\"font-size: 14pt;\"><span style=\"font-size: 18pt;\">Este post ajudou-o?<\/span> <\/span><\/p>\n<p><span style=\"font-size: 14pt;\">Espero que sim, e para que possam ver exemplos, deixo-vos alguns links de diferentes cabos que temos \u00e0 venda para que possam ver em primeira m\u00e3o as diferentes sec\u00e7\u00f5es e possam fazer o exerc\u00edcio de compara\u00e7\u00e3o com a tabela de equival\u00eancias.<\/span><\/p>\n<p><span style=\"font-size: 14pt;\"><strong>\u2192 Este \u00e9 o cabo autom\u00f3vel de 1 mm de sec\u00e7\u00e3o com todas as vari\u00e1veis de cor dispon\u00edveis.<\/strong><\/span><\/p>\n<p><span style=\"font-size: 14pt;\">.<\/span><\/p>\n<ul class=\"products\">\n<li class=\"post-308 type-product status-publish has-post-thumbnail product_cat-cable-automocion-corte-a-metros product_tag-cable-automocion product_tag-cable-electrico first instock featured taxable shipping-taxable purchasable product-type-variable has-default-attributes has-children\"><a class=\"woocommerce-LoopProduct-link\" href=\"http:\/\/www.coelectrix.com\/producto\/cable-automocion-flry-corte-a-metros\"><img decoding=\"async\" class=\"attachment-shop_catalog size-shop_catalog wp-post-image\" title=\"cable-automoci\u00f3n- a metros\" src=\"http:\/\/www.coelectrix.com\/wp-content\/uploads\/2016\/03\/cable-automoci\u00f3n-a-metros-300x300.jpg\" sizes=\"(max-width: 300px) 100vw, 300px\" srcset=\"http:\/\/www.coelectrix.com\/wp-content\/uploads\/2016\/03\/cable-automoci\u00f3n-a-metros-300x300.jpg 300w, http:\/\/www.coelectrix.com\/wp-content\/uploads\/2016\/03\/cable-automoci\u00f3n-a-metros-150x150.jpg 150w, http:\/\/www.coelectrix.com\/wp-content\/uploads\/2016\/03\/cable-automoci\u00f3n-a-metros-180x180.jpg 180w\" alt=\"cable automocion 1,5mm\" width=\"300\" height=\"300\" \/><\/a><br \/>\n<h3>FLRY Cabo Autom\u00f3vel 1 mm. Cortado ao comprimento!<\/h3>\n<p><a class=\"woocommerce-LoopProduct-link\" href=\"http:\/\/www.coelectrix.com\/producto\/cable-automocion-flry-corte-a-metros\"> <span class=\"price\"><span class=\"woocommerce-Price-amount amount\">0<span class=\"woocommerce-Price-currencySymbol\">,35\u20ac<\/span><\/span><\/span><br \/>\n<\/a><a class=\"button product_type_variable add_to_cart_button\" href=\"http:\/\/www.coelectrix.com\/producto\/cable-automocion-flry-corte-a-metros\" rel=\"nofollow\" data-quantity=\"1\" data-product_id=\"308\" data-product_sku=\"\">Selecionar op\u00e7\u00f5es<\/a><\/li>\n<\/ul>\n<p><span style=\"font-size: 14pt;\"><strong>\u2192 Este \u00e9 o cabo da bateria que, se voc\u00ea entrar, ver\u00e1 que h\u00e1 um menu suspenso com todas as se\u00e7\u00f5es dispon\u00edveis.<\/strong><\/span><\/p>\n<p><span style=\"font-size: 14pt;\">.<\/span><\/p>\n<ul class=\"products\">\n<li class=\"post-241 type-product status-publish has-post-thumbnail product_cat-cable-arranque-a-metros product_tag-cable-arranque product_tag-cable-bateria first instock taxable shipping-taxable purchasable product-type-variable has-default-attributes has-children\"><a class=\"woocommerce-LoopProduct-link\" href=\"http:\/\/www.coelectrix.com\/producto\/cable-de-bateria-rojo-metros\"><img decoding=\"async\" class=\"attachment-shop_catalog size-shop_catalog wp-post-image\" title=\"cable de bateria rojo\" src=\"http:\/\/www.coelectrix.com\/wp-content\/uploads\/2016\/02\/cable-bateria-rojo-a-metros.jpg\" sizes=\"(max-width: 300px) 100vw, 300px\" srcset=\"http:\/\/www.coelectrix.com\/wp-content\/uploads\/2016\/02\/cable-bateria-rojo-a-metros.jpg 300w, http:\/\/www.coelectrix.com\/wp-content\/uploads\/2016\/02\/cable-bateria-rojo-a-metros-150x150.jpg 150w, http:\/\/www.coelectrix.com\/wp-content\/uploads\/2016\/02\/cable-bateria-rojo-a-metros-180x180.jpg 180w\" alt=\"cable de bateria rojo\" width=\"300\" height=\"300\" \/><\/a><br \/>\n<h3>Cabo de bateria vermelho Cortado \u00e0 medida Todas as sec\u00e7\u00f5es<\/h3>\n<p><a class=\"woocommerce-LoopProduct-link\" href=\"http:\/\/www.coelectrix.com\/producto\/cable-de-bateria-rojo-metros\"> <span class=\"price\">A partir de: <span class=\"woocommerce-Price-amount amount\">1,<span class=\"woocommerce-Price-currencySymbol\">42\u20ac<\/span><\/span>.<\/span><br \/>\n<\/a><a class=\"button product_type_variable add_to_cart_button\" href=\"http:\/\/www.coelectrix.com\/producto\/cable-de-bateria-rojo-metros\" rel=\"nofollow\" data-quantity=\"1\" data-product_id=\"241\" data-product_sku=\"\">Selecionar op\u00e7\u00f5es<\/a><\/li>\n<\/ul>\n<p><span style=\"font-size: 14pt;\">Ent\u00e3o \u00e9 isso, espero que se voc\u00ea tivesse d\u00favidas sobre as se\u00e7\u00f5es de cabo, agora \u00e9 claro para voc\u00ea.<\/span><\/p>\n<p><span style=\"font-size: 14pt;\">Se voc\u00ea tiver alguma d\u00favida, ficarei feliz em ajud\u00e1-lo, voc\u00ea pode entrar em contato comigo neste \u21d2 <a href=\"http:\/\/www.coelectrix.com\/contacto\">link<\/a> \u21d0.<\/span><\/p>\n<p><span style=\"font-size: 14pt; font-family: helvetica, arial, sans-serif;\">Tamb\u00e9m podem entrar e dar uma vista de olhos na loja, se quiserem \ud83d\ude09<\/span><\/p>\n<p><span style=\"font-size: 14pt;\">Sauda\u00e7\u00f5es!!!<\/span><\/p>\n<p><a class=\"ow-button-hover\" href=\"https:\/\/www.coelectrix.com\"><\/p>\n<p>Entrar na loja<br \/>\n<\/a><\/p>\n","protected":false},"excerpt":{"rendered":"<p>A sec\u00e7\u00e3o transversal de um cabo el\u00e9trico Como retalhista especializado em cabos el\u00e9ctricostodos os dias recebemos pedidos de informa\u00e7\u00e3o atrav\u00e9s do formul\u00e1rio, tais como : como saber a sec\u00e7\u00e3o transversal de um cabo el\u00e9trico? ou como medir a sec\u00e7\u00e3o transversal de um cabo? ou qual \u00e9 a sec\u00e7\u00e3o transversal de um cabo? Estas perguntas repetem-se [&hellip;]<\/p>\n","protected":false},"author":1,"featured_media":72569,"parent":0,"menu_order":0,"comment_status":"closed","ping_status":"closed","template":"template-fullwidth.php","meta":{"_acf_changed":false,"footnotes":""},"class_list":["post-78185","page","type-page","status-publish","has-post-thumbnail","hentry"],"acf":[],"yoast_head":"<!-- This site is optimized with the Yoast SEO plugin v27.2 - https:\/\/yoast.com\/product\/yoast-seo-wordpress\/ -->\n<title>Sec\u00e7\u00e3o transversal de um cabo | Coelectrix<\/title>\n<meta name=\"robots\" content=\"index, follow, max-snippet:-1, max-image-preview:large, max-video-preview:-1\" \/>\n<link rel=\"canonical\" href=\"https:\/\/coelectrix.com\/pt-pt\/seccao-de-um-cabo\" \/>\n<meta property=\"og:locale\" content=\"pt_PT\" \/>\n<meta property=\"og:type\" content=\"article\" \/>\n<meta property=\"og:title\" content=\"Sec\u00e7\u00e3o transversal de um cabo | Coelectrix\" \/>\n<meta property=\"og:description\" content=\"A sec\u00e7\u00e3o transversal de um cabo el\u00e9trico Como retalhista especializado em cabos el\u00e9ctricostodos os dias recebemos pedidos de informa\u00e7\u00e3o atrav\u00e9s do formul\u00e1rio, tais como : como saber a sec\u00e7\u00e3o transversal de um cabo el\u00e9trico? ou como medir a sec\u00e7\u00e3o transversal de um cabo? ou qual \u00e9 a sec\u00e7\u00e3o transversal de um cabo? Estas perguntas repetem-se [&hellip;]\" \/>\n<meta property=\"og:url\" content=\"https:\/\/coelectrix.com\/pt-pt\/seccao-de-um-cabo\" \/>\n<meta property=\"og:site_name\" content=\"Coelectrix\" \/>\n<meta property=\"og:image\" content=\"https:\/\/coelectrix.com\/wp-content\/uploads\/2017\/01\/seccion-de-cable.jpg\" \/>\n\t<meta property=\"og:image:width\" content=\"250\" \/>\n\t<meta property=\"og:image:height\" content=\"450\" \/>\n\t<meta property=\"og:image:type\" content=\"image\/jpeg\" \/>\n<meta name=\"twitter:card\" content=\"summary_large_image\" \/>\n<meta name=\"twitter:label1\" content=\"Tempo estimado de leitura\" \/>\n\t<meta name=\"twitter:data1\" content=\"3 minutos\" \/>\n<script type=\"application\/ld+json\" class=\"yoast-schema-graph\">{\"@context\":\"https:\/\/schema.org\",\"@graph\":[{\"@type\":\"WebPage\",\"@id\":\"https:\/\/coelectrix.com\/pt-pt\/seccao-de-um-cabo\",\"url\":\"https:\/\/coelectrix.com\/pt-pt\/seccao-de-um-cabo\",\"name\":\"Sec\u00e7\u00e3o transversal de um cabo | Coelectrix\",\"isPartOf\":{\"@id\":\"https:\/\/coelectrix.com\/pt-pt\/#website\"},\"primaryImageOfPage\":{\"@id\":\"https:\/\/coelectrix.com\/pt-pt\/seccao-de-um-cabo#primaryimage\"},\"image\":{\"@id\":\"https:\/\/coelectrix.com\/pt-pt\/seccao-de-um-cabo#primaryimage\"},\"thumbnailUrl\":\"https:\/\/coelectrix.com\/wp-content\/uploads\/2016\/12\/seccion-cable-post2.jpg\",\"datePublished\":\"2017-02-28T16:27:19+00:00\",\"breadcrumb\":{\"@id\":\"https:\/\/coelectrix.com\/pt-pt\/seccao-de-um-cabo#breadcrumb\"},\"inLanguage\":\"pt-PT\",\"potentialAction\":[{\"@type\":\"ReadAction\",\"target\":[\"https:\/\/coelectrix.com\/pt-pt\/seccao-de-um-cabo\"]}]},{\"@type\":\"ImageObject\",\"inLanguage\":\"pt-PT\",\"@id\":\"https:\/\/coelectrix.com\/pt-pt\/seccao-de-um-cabo#primaryimage\",\"url\":\"https:\/\/coelectrix.com\/wp-content\/uploads\/2016\/12\/seccion-cable-post2.jpg\",\"contentUrl\":\"https:\/\/coelectrix.com\/wp-content\/uploads\/2016\/12\/seccion-cable-post2.jpg\",\"width\":600,\"height\":200,\"caption\":\"seccion de un cable\"},{\"@type\":\"BreadcrumbList\",\"@id\":\"https:\/\/coelectrix.com\/pt-pt\/seccao-de-um-cabo#breadcrumb\",\"itemListElement\":[{\"@type\":\"ListItem\",\"position\":1,\"name\":\"Portada\",\"item\":\"https:\/\/coelectrix.com\/\"},{\"@type\":\"ListItem\",\"position\":2,\"name\":\"Sec\u00e7\u00e3o transversal de um cabo\"}]},{\"@type\":\"WebSite\",\"@id\":\"https:\/\/coelectrix.com\/pt-pt\/#website\",\"url\":\"https:\/\/coelectrix.com\/pt-pt\/\",\"name\":\"Coelectrix\",\"description\":\"Componentes el\u00e9ctricos\",\"publisher\":{\"@id\":\"https:\/\/coelectrix.com\/pt-pt\/#organization\"},\"potentialAction\":[{\"@type\":\"SearchAction\",\"target\":{\"@type\":\"EntryPoint\",\"urlTemplate\":\"https:\/\/coelectrix.com\/pt-pt\/?s={search_term_string}\"},\"query-input\":{\"@type\":\"PropertyValueSpecification\",\"valueRequired\":true,\"valueName\":\"search_term_string\"}}],\"inLanguage\":\"pt-PT\"},{\"@type\":\"Organization\",\"@id\":\"https:\/\/coelectrix.com\/pt-pt\/#organization\",\"name\":\"coelectrix.com\",\"url\":\"https:\/\/coelectrix.com\/pt-pt\/\",\"logo\":{\"@type\":\"ImageObject\",\"inLanguage\":\"pt-PT\",\"@id\":\"https:\/\/coelectrix.com\/pt-pt\/#\/schema\/logo\/image\/\",\"url\":\"https:\/\/coelectrix.com\/wp-content\/uploads\/2018\/05\/logo-coelectrix-400x400.jpg\",\"contentUrl\":\"https:\/\/coelectrix.com\/wp-content\/uploads\/2018\/05\/logo-coelectrix-400x400.jpg\",\"width\":300,\"height\":300,\"caption\":\"coelectrix.com\"},\"image\":{\"@id\":\"https:\/\/coelectrix.com\/pt-pt\/#\/schema\/logo\/image\/\"}}]}<\/script>\n<!-- \/ Yoast SEO plugin. -->","yoast_head_json":{"title":"Sec\u00e7\u00e3o transversal de um cabo | Coelectrix","robots":{"index":"index","follow":"follow","max-snippet":"max-snippet:-1","max-image-preview":"max-image-preview:large","max-video-preview":"max-video-preview:-1"},"canonical":"https:\/\/coelectrix.com\/pt-pt\/seccao-de-um-cabo","og_locale":"pt_PT","og_type":"article","og_title":"Sec\u00e7\u00e3o transversal de um cabo | Coelectrix","og_description":"A sec\u00e7\u00e3o transversal de um cabo el\u00e9trico Como retalhista especializado em cabos el\u00e9ctricostodos os dias recebemos pedidos de informa\u00e7\u00e3o atrav\u00e9s do formul\u00e1rio, tais como : como saber a sec\u00e7\u00e3o transversal de um cabo el\u00e9trico? ou como medir a sec\u00e7\u00e3o transversal de um cabo? ou qual \u00e9 a sec\u00e7\u00e3o transversal de um cabo? Estas perguntas repetem-se [&hellip;]","og_url":"https:\/\/coelectrix.com\/pt-pt\/seccao-de-um-cabo","og_site_name":"Coelectrix","og_image":[{"width":250,"height":450,"url":"https:\/\/coelectrix.com\/wp-content\/uploads\/2017\/01\/seccion-de-cable.jpg","type":"image\/jpeg"}],"twitter_card":"summary_large_image","twitter_misc":{"Tempo estimado de leitura":"3 minutos"},"schema":{"@context":"https:\/\/schema.org","@graph":[{"@type":"WebPage","@id":"https:\/\/coelectrix.com\/pt-pt\/seccao-de-um-cabo","url":"https:\/\/coelectrix.com\/pt-pt\/seccao-de-um-cabo","name":"Sec\u00e7\u00e3o transversal de um cabo | Coelectrix","isPartOf":{"@id":"https:\/\/coelectrix.com\/pt-pt\/#website"},"primaryImageOfPage":{"@id":"https:\/\/coelectrix.com\/pt-pt\/seccao-de-um-cabo#primaryimage"},"image":{"@id":"https:\/\/coelectrix.com\/pt-pt\/seccao-de-um-cabo#primaryimage"},"thumbnailUrl":"https:\/\/coelectrix.com\/wp-content\/uploads\/2016\/12\/seccion-cable-post2.jpg","datePublished":"2017-02-28T16:27:19+00:00","breadcrumb":{"@id":"https:\/\/coelectrix.com\/pt-pt\/seccao-de-um-cabo#breadcrumb"},"inLanguage":"pt-PT","potentialAction":[{"@type":"ReadAction","target":["https:\/\/coelectrix.com\/pt-pt\/seccao-de-um-cabo"]}]},{"@type":"ImageObject","inLanguage":"pt-PT","@id":"https:\/\/coelectrix.com\/pt-pt\/seccao-de-um-cabo#primaryimage","url":"https:\/\/coelectrix.com\/wp-content\/uploads\/2016\/12\/seccion-cable-post2.jpg","contentUrl":"https:\/\/coelectrix.com\/wp-content\/uploads\/2016\/12\/seccion-cable-post2.jpg","width":600,"height":200,"caption":"seccion de un cable"},{"@type":"BreadcrumbList","@id":"https:\/\/coelectrix.com\/pt-pt\/seccao-de-um-cabo#breadcrumb","itemListElement":[{"@type":"ListItem","position":1,"name":"Portada","item":"https:\/\/coelectrix.com\/"},{"@type":"ListItem","position":2,"name":"Sec\u00e7\u00e3o transversal de um cabo"}]},{"@type":"WebSite","@id":"https:\/\/coelectrix.com\/pt-pt\/#website","url":"https:\/\/coelectrix.com\/pt-pt\/","name":"Coelectrix","description":"Componentes el\u00e9ctricos","publisher":{"@id":"https:\/\/coelectrix.com\/pt-pt\/#organization"},"potentialAction":[{"@type":"SearchAction","target":{"@type":"EntryPoint","urlTemplate":"https:\/\/coelectrix.com\/pt-pt\/?s={search_term_string}"},"query-input":{"@type":"PropertyValueSpecification","valueRequired":true,"valueName":"search_term_string"}}],"inLanguage":"pt-PT"},{"@type":"Organization","@id":"https:\/\/coelectrix.com\/pt-pt\/#organization","name":"coelectrix.com","url":"https:\/\/coelectrix.com\/pt-pt\/","logo":{"@type":"ImageObject","inLanguage":"pt-PT","@id":"https:\/\/coelectrix.com\/pt-pt\/#\/schema\/logo\/image\/","url":"https:\/\/coelectrix.com\/wp-content\/uploads\/2018\/05\/logo-coelectrix-400x400.jpg","contentUrl":"https:\/\/coelectrix.com\/wp-content\/uploads\/2018\/05\/logo-coelectrix-400x400.jpg","width":300,"height":300,"caption":"coelectrix.com"},"image":{"@id":"https:\/\/coelectrix.com\/pt-pt\/#\/schema\/logo\/image\/"}}]}},"_links":{"self":[{"href":"https:\/\/coelectrix.com\/pt-pt\/wp-json\/wp\/v2\/pages\/78185","targetHints":{"allow":["GET"]}}],"collection":[{"href":"https:\/\/coelectrix.com\/pt-pt\/wp-json\/wp\/v2\/pages"}],"about":[{"href":"https:\/\/coelectrix.com\/pt-pt\/wp-json\/wp\/v2\/types\/page"}],"author":[{"embeddable":true,"href":"https:\/\/coelectrix.com\/pt-pt\/wp-json\/wp\/v2\/users\/1"}],"replies":[{"embeddable":true,"href":"https:\/\/coelectrix.com\/pt-pt\/wp-json\/wp\/v2\/comments?post=78185"}],"version-history":[{"count":0,"href":"https:\/\/coelectrix.com\/pt-pt\/wp-json\/wp\/v2\/pages\/78185\/revisions"}],"wp:featuredmedia":[{"embeddable":true,"href":"https:\/\/coelectrix.com\/pt-pt\/wp-json\/wp\/v2\/media\/72569"}],"wp:attachment":[{"href":"https:\/\/coelectrix.com\/pt-pt\/wp-json\/wp\/v2\/media?parent=78185"}],"curies":[{"name":"wp","href":"https:\/\/api.w.org\/{rel}","templated":true}]}}